{"version":"1.0","provider_name":"Rep\u00fablica de Palestina","provider_url":"https:\/\/republicpalestine.com\/es","author_name":"RepublicofPalestine","author_url":"https:\/\/republicpalestine.com\/es\/author\/jmhoriaadmin\/","title":"Nota de solidaridad con el compa\u00f1ero Z\u00e9 Maria","type":"rich","width":600,"height":338,"html":"<blockquote class=\"wp-embedded-content\" data-secret=\"sWWTzUQoVD\"><a href=\"https:\/\/republicpalestine.com\/es\/2026\/04\/30\/nota-de-solidaridad-con-el-companero-ze-maria\/\">Nota de solidaridad con el compa\u00f1ero Z\u00e9 Maria<\/a><\/blockquote><iframe sandbox=\"allow-scripts\" security=\"restricted\" src=\"https:\/\/republicpalestine.com\/es\/2026\/04\/30\/nota-de-solidaridad-con-el-companero-ze-maria\/embed\/#?secret=sWWTzUQoVD\" width=\"600\" height=\"338\" title=\"\u00abNota de solidaridad con el compa\u00f1ero Z\u00e9 Maria\u00bb \u2014 Rep\u00fablica de Palestina\" data-secret=\"sWWTzUQoVD\" frameborder=\"0\" marginwidth=\"0\" marginheight=\"0\" scrolling=\"no\" class=\"wp-embedded-content\"><\/iframe><script>\n\/*! This file is auto-generated *\/\n!function(d,l){\"use strict\";l.querySelector&&d.addEventListener&&\"undefined\"!=typeof URL&&(d.wp=d.wp||{},d.wp.receiveEmbedMessage||(d.wp.receiveEmbedMessage=function(e){var t=e.data;if((t||t.secret||t.message||t.value)&&!\/[^a-zA-Z0-9]\/.test(t.secret)){for(var s,r,n,a=l.querySelectorAll('iframe[data-secret=\"'+t.secret+'\"]'),o=l.querySelectorAll('blockquote[data-secret=\"'+t.secret+'\"]'),c=new RegExp(\"^https?:$\",\"i\"),i=0;i<o.length;i++)o[i].style.display=\"none\";for(i=0;i<a.length;i++)s=a[i],e.source===s.contentWindow&&(s.removeAttribute(\"style\"),\"height\"===t.message?(1e3<(r=parseInt(t.value,10))?r=1e3:~~r<200&&(r=200),s.height=r):\"link\"===t.message&&(r=new URL(s.getAttribute(\"src\")),n=new URL(t.value),c.test(n.protocol))&&n.host===r.host&&l.activeElement===s&&(d.top.location.href=t.value))}},d.addEventListener(\"message\",d.wp.receiveEmbedMessage,!1),l.addEventListener(\"DOMContentLoaded\",function(){for(var e,t,s=l.querySelectorAll(\"iframe.wp-embedded-content\"),r=0;r<s.length;r++)(t=(e=s[r]).getAttribute(\"data-secret\"))||(t=Math.random().toString(36).substring(2,12),e.src+=\"#?secret=\"+t,e.setAttribute(\"data-secret\",t)),e.contentWindow.postMessage({message:\"ready\",secret:t},\"*\")},!1)))}(window,document);\n<\/script>\n","thumbnail_url":"https:\/\/republicpalestine.com\/es\/wp-content\/uploads\/sites\/3\/2026\/04\/InShot_20260430_181138348-scaled.jpg","thumbnail_width":2560,"thumbnail_height":1439,"description":"El Comit\u00e9 de Palestina Democr\u00e1tica en Brasil manifiesta su plena solidaridad con el compa\u00f1ero Jos\u00e9 Maria de Almeida, dirigente del Partido Socialista de los Trabajadores Unificado (PSTU), ante la decisi\u00f3n del juez Massimo Palazzolo, de la 4\u00aa Vara Criminal Federal de S\u00e3o Paulo, que lo conden\u00f3 a dos a\u00f1os de prisi\u00f3n por sus declaraciones en apoyo a la causa palestina y en denuncia de las masacres y violaciones cometidas contra el pueblo palestino. La acci\u00f3n fue presentada por la Confederaci\u00f3n Israelita de Brasil (CONIB) y por la Federaci\u00f3n Israelita del Estado de S\u00e3o Paulo (FISESP), que recurrieron al Ministerio P\u00fablico Federal (MPF). Tal decisi\u00f3n suscita profunda preocupaci\u00f3n respecto a la situaci\u00f3n de las libertades democr\u00e1ticas en Brasil. Reafirmamos que la defensa de las libertades democr\u00e1ticas, en especial la libertad de expresi\u00f3n y el derecho a la organizaci\u00f3n pol\u00edtica y sindical, constituye un pilar fundamental de cualquier sociedad que aspire a la justicia y a la igualdad. Asimismo, subrayamos que la persecuci\u00f3n a militantes y fuerzas pol\u00edticas comprometidas con la justicia social y con los derechos de los pueblos oprimidos representa una grave afrenta a estos principios y debe ser enfrentada por todos los medios democr\u00e1ticos leg\u00edtimos. El Comit\u00e9 considera que &hellip;"}